{"id":63,"date":"2025-07-22T19:11:22","date_gmt":"2025-07-22T22:11:22","guid":{"rendered":"https:\/\/intersecciones.ifdcvm.edu.ar\/?page_id=63"},"modified":"2025-08-28T12:31:10","modified_gmt":"2025-08-28T15:31:10","slug":"equipo-editorial","status":"publish","type":"page","link":"https:\/\/intersecciones.ifdcvm.edu.ar\/?page_id=63","title":{"rendered":"Equipo editorial"},"content":{"rendered":"\n<hr class=\"wp-block-separator has-alpha-channel-opacity is-style-wide\"\/>\n\n\n\n<div class=\"wp-block-group alignfull has-global-padding is-layout-constrained wp-container-core-group-is-layout-669513ed wp-block-group-is-layout-constrained\" style=\"margin-top:0;margin-bottom:0;padding-top:var(--wp--preset--spacing--50);padding-right:var(--wp--preset--spacing--50);padding-bottom:var(--wp--preset--spacing--50);padding-left:var(--wp--preset--spacing--50)\">\n<div class=\"wp-block-group is-vertical is-content-justification-center is-layout-flex wp-container-core-group-is-layout-ce155fab wp-block-group-is-layout-flex\">\n<h2 class=\"wp-block-heading has-text-align-center has-xx-large-font-size\">Nuestro equipo de la Revista &#8220;Intersecciones&#8221;<\/h2>\n\n\n\n<hr class=\"wp-block-separator has-alpha-channel-opacity is-style-wide\"\/>\n\n\n\n<div style=\"height:0px\" aria-hidden=\"true\" class=\"wp-block-spacer wp-container-content-32e3a40d\"><\/div>\n<\/div>\n\n\n\n<div class=\"wp-block-columns alignwide is-layout-flex wp-container-core-columns-is-layout-4935966c wp-block-columns-is-layout-flex\" style=\"padding-right:0;padding-left:0\">\n<div class=\"wp-block-column is-layout-flow wp-block-column-is-layout-flow\">\n<figure class=\"wp-block-image size-full is-style-rounded is-style-rounded--1\"><img loading=\"lazy\" decoding=\"async\" width=\"1199\" height=\"1599\" src=\"https:\/\/intersecciones.ifdcvm.edu.ar\/wp-content\/uploads\/2025\/08\/Cecilia_Munoz.jpeg\" alt=\"\" class=\"wp-image-139\" style=\"aspect-ratio:1;object-fit:contain\" srcset=\"https:\/\/intersecciones.ifdcvm.edu.ar\/wp-content\/uploads\/2025\/08\/Cecilia_Munoz.jpeg 1199w, https:\/\/intersecciones.ifdcvm.edu.ar\/wp-content\/uploads\/2025\/08\/Cecilia_Munoz-225x300.jpeg 225w, https:\/\/intersecciones.ifdcvm.edu.ar\/wp-content\/uploads\/2025\/08\/Cecilia_Munoz-768x1024.jpeg 768w, https:\/\/intersecciones.ifdcvm.edu.ar\/wp-content\/uploads\/2025\/08\/Cecilia_Munoz-1152x1536.jpeg 1152w\" sizes=\"auto, (max-width: 1199px) 100vw, 1199px\" \/><\/figure>\n\n\n\n<div class=\"wp-block-group is-vertical is-content-justification-center is-nowrap is-layout-flex wp-container-core-group-is-layout-21d4e958 wp-block-group-is-layout-flex\">\n<p class=\"has-text-align-center has-small-font-size\"><strong>Esp. Cecilia Mu\u00f1oz<\/strong><\/p>\n\n\n\n<p class=\"has-text-align-center has-small-font-size\">Directora y coordinadora<\/p>\n<\/div>\n<\/div>\n\n\n\n<div class=\"wp-block-column is-layout-flow wp-block-column-is-layout-flow\">\n<figure class=\"wp-block-image size-full is-style-rounded is-style-rounded--2\"><img loading=\"lazy\" decoding=\"async\" width=\"330\" height=\"385\" src=\"https:\/\/intersecciones.ifdcvm.edu.ar\/wp-content\/uploads\/2025\/07\/Pablo_Dema.png\" alt=\"\" class=\"wp-image-125\" style=\"aspect-ratio:1;object-fit:contain\" srcset=\"https:\/\/intersecciones.ifdcvm.edu.ar\/wp-content\/uploads\/2025\/07\/Pablo_Dema.png 330w, https:\/\/intersecciones.ifdcvm.edu.ar\/wp-content\/uploads\/2025\/07\/Pablo_Dema-257x300.png 257w\" sizes=\"auto, (max-width: 330px) 100vw, 330px\" \/><\/figure>\n\n\n\n<div class=\"wp-block-group is-vertical is-content-justification-center is-nowrap is-layout-flex wp-container-core-group-is-layout-63bfd6c1 wp-block-group-is-layout-flex\">\n<p class=\"has-text-align-center has-small-font-size\"><strong>Prof. Pablo Dema<\/strong><\/p>\n\n\n\n<p class=\"has-text-align-center has-small-font-size\">Coordinador y editor<\/p>\n<\/div>\n<\/div>\n\n\n\n<div class=\"wp-block-column is-layout-flow wp-block-column-is-layout-flow\">\n<figure class=\"wp-block-image size-full is-style-rounded is-style-rounded--3\"><img loading=\"lazy\" decoding=\"async\" width=\"300\" height=\"350\" src=\"https:\/\/intersecciones.ifdcvm.edu.ar\/wp-content\/uploads\/2025\/07\/Andres_bacigalupo.png\" alt=\"\" class=\"wp-image-119\" style=\"aspect-ratio:1;object-fit:contain\" srcset=\"https:\/\/intersecciones.ifdcvm.edu.ar\/wp-content\/uploads\/2025\/07\/Andres_bacigalupo.png 300w, https:\/\/intersecciones.ifdcvm.edu.ar\/wp-content\/uploads\/2025\/07\/Andres_bacigalupo-257x300.png 257w\" sizes=\"auto, (max-width: 300px) 100vw, 300px\" \/><\/figure>\n\n\n\n<div class=\"wp-block-group is-vertical is-content-justification-center is-nowrap is-layout-flex wp-container-core-group-is-layout-63bfd6c1 wp-block-group-is-layout-flex\">\n<p class=\"has-text-align-center has-small-font-size\"><strong>Lic. Andr\u00e9s Bacigalupo<\/strong><\/p>\n\n\n\n<p class=\"has-text-align-center has-small-font-size\">Edici\u00f3n<\/p>\n<\/div>\n<\/div>\n\n\n\n<div class=\"wp-block-column is-layout-flow wp-block-column-is-layout-flow\">\n<figure class=\"wp-block-image size-full is-style-rounded is-style-rounded--4\"><img loading=\"lazy\" decoding=\"async\" width=\"300\" height=\"350\" src=\"https:\/\/intersecciones.ifdcvm.edu.ar\/wp-content\/uploads\/2025\/07\/Mara_Escudero.png\" alt=\"\" class=\"wp-image-122\" style=\"aspect-ratio:1;object-fit:contain\" srcset=\"https:\/\/intersecciones.ifdcvm.edu.ar\/wp-content\/uploads\/2025\/07\/Mara_Escudero.png 300w, https:\/\/intersecciones.ifdcvm.edu.ar\/wp-content\/uploads\/2025\/07\/Mara_Escudero-257x300.png 257w\" sizes=\"auto, (max-width: 300px) 100vw, 300px\" \/><\/figure>\n\n\n\n<div class=\"wp-block-group is-vertical is-content-justification-center is-nowrap is-layout-flex wp-container-core-group-is-layout-21d4e958 wp-block-group-is-layout-flex\">\n<p class=\"has-text-align-center has-small-font-size\"><strong>Esp. Mara Escudero<\/strong><\/p>\n\n\n\n<p class=\"has-text-align-center has-small-font-size\">Edici\u00f3n<\/p>\n<\/div>\n<\/div>\n<\/div>\n<\/div>\n\n\n\n<div class=\"wp-block-group alignfull has-global-padding is-layout-constrained wp-container-core-group-is-layout-669513ed wp-block-group-is-layout-constrained\" style=\"margin-top:0;margin-bottom:0;padding-top:var(--wp--preset--spacing--50);padding-right:var(--wp--preset--spacing--50);padding-bottom:var(--wp--preset--spacing--50);padding-left:var(--wp--preset--spacing--50)\">\n<div class=\"wp-block-columns alignwide is-layout-flex wp-container-core-columns-is-layout-4935966c wp-block-columns-is-layout-flex\" style=\"padding-right:0;padding-left:0\">\n<div class=\"wp-block-column is-layout-flow wp-block-column-is-layout-flow\">\n<figure class=\"wp-block-image size-full is-style-rounded is-style-rounded--5\"><img loading=\"lazy\" decoding=\"async\" width=\"300\" height=\"350\" src=\"https:\/\/intersecciones.ifdcvm.edu.ar\/wp-content\/uploads\/2025\/07\/Ro_Pajaro.png\" alt=\"\" class=\"wp-image-120\" style=\"aspect-ratio:1;object-fit:contain\" srcset=\"https:\/\/intersecciones.ifdcvm.edu.ar\/wp-content\/uploads\/2025\/07\/Ro_Pajaro.png 300w, https:\/\/intersecciones.ifdcvm.edu.ar\/wp-content\/uploads\/2025\/07\/Ro_Pajaro-257x300.png 257w\" sizes=\"auto, (max-width: 300px) 100vw, 300px\" \/><\/figure>\n\n\n\n<div class=\"wp-block-group is-vertical is-content-justification-center is-nowrap is-layout-flex wp-container-core-group-is-layout-21d4e958 wp-block-group-is-layout-flex\">\n<p class=\"has-text-align-center has-small-font-size\"><strong>Lic. Rocio Pajaro<\/strong><\/p>\n\n\n\n<p class=\"has-text-align-center has-small-font-size\">Dise\u00f1o y diagramaci\u00f3n<\/p>\n<\/div>\n<\/div>\n\n\n\n<div class=\"wp-block-column is-layout-flow wp-block-column-is-layout-flow\">\n<figure class=\"wp-block-image size-full is-style-rounded is-style-rounded--6\"><img loading=\"lazy\" decoding=\"async\" width=\"350\" height=\"422\" src=\"https:\/\/intersecciones.ifdcvm.edu.ar\/wp-content\/uploads\/2025\/08\/Andrea_Flores-1.jpg\" alt=\"\" class=\"wp-image-143\" style=\"aspect-ratio:1;object-fit:contain\" srcset=\"https:\/\/intersecciones.ifdcvm.edu.ar\/wp-content\/uploads\/2025\/08\/Andrea_Flores-1.jpg 350w, https:\/\/intersecciones.ifdcvm.edu.ar\/wp-content\/uploads\/2025\/08\/Andrea_Flores-1-249x300.jpg 249w\" sizes=\"auto, (max-width: 350px) 100vw, 350px\" \/><\/figure>\n\n\n\n<div class=\"wp-block-group is-vertical is-content-justification-center is-nowrap is-layout-flex wp-container-core-group-is-layout-21d4e958 wp-block-group-is-layout-flex\">\n<p class=\"has-text-align-center has-small-font-size\"><strong>Esp. Andrea Flores<\/strong><\/p>\n\n\n\n<p class=\"has-text-align-center has-small-font-size\">Edici\u00f3n<\/p>\n<\/div>\n<\/div>\n\n\n\n<div class=\"wp-block-column is-layout-flow wp-block-column-is-layout-flow\">\n<figure class=\"wp-block-image size-full is-style-rounded is-style-rounded--7\"><img loading=\"lazy\" decoding=\"async\" width=\"300\" height=\"350\" src=\"https:\/\/intersecciones.ifdcvm.edu.ar\/wp-content\/uploads\/2025\/07\/Alejandro_Villarreal.png\" alt=\"\" class=\"wp-image-127\" style=\"aspect-ratio:1;object-fit:contain\" srcset=\"https:\/\/intersecciones.ifdcvm.edu.ar\/wp-content\/uploads\/2025\/07\/Alejandro_Villarreal.png 300w, https:\/\/intersecciones.ifdcvm.edu.ar\/wp-content\/uploads\/2025\/07\/Alejandro_Villarreal-257x300.png 257w\" sizes=\"auto, (max-width: 300px) 100vw, 300px\" \/><\/figure>\n\n\n\n<div class=\"wp-block-group is-vertical is-content-justification-center is-nowrap is-layout-flex wp-container-core-group-is-layout-63bfd6c1 wp-block-group-is-layout-flex\">\n<p class=\"has-text-align-center has-small-font-size\"><strong>Lic. Alejandro Villarreal<\/strong><\/p>\n\n\n\n<p class=\"has-text-align-center has-small-font-size\">Dise\u00f1o y diagramaci\u00f3n<\/p>\n<\/div>\n<\/div>\n\n\n\n<div class=\"wp-block-column is-layout-flow wp-block-column-is-layout-flow\">\n<figure class=\"wp-block-image size-full is-style-rounded is-style-rounded--8\"><img loading=\"lazy\" decoding=\"async\" width=\"300\" height=\"350\" src=\"https:\/\/intersecciones.ifdcvm.edu.ar\/wp-content\/uploads\/2025\/08\/Mariano_G_Villegas.png\" alt=\"\" class=\"wp-image-129\" style=\"aspect-ratio:1;object-fit:contain\" srcset=\"https:\/\/intersecciones.ifdcvm.edu.ar\/wp-content\/uploads\/2025\/08\/Mariano_G_Villegas.png 300w, https:\/\/intersecciones.ifdcvm.edu.ar\/wp-content\/uploads\/2025\/08\/Mariano_G_Villegas-257x300.png 257w\" sizes=\"auto, (max-width: 300px) 100vw, 300px\" \/><\/figure>\n\n\n\n<div class=\"wp-block-group is-vertical is-content-justification-center is-nowrap is-layout-flex wp-container-core-group-is-layout-63bfd6c1 wp-block-group-is-layout-flex\">\n<p class=\"has-text-align-center has-small-font-size\"><strong>AUS Mariano G. Villegas<\/strong><\/p>\n\n\n\n<p class=\"has-text-align-center has-small-font-size\">Dise\u00f1o y diagramaci\u00f3n. Desarrollo web.<\/p>\n<\/div>\n<\/div>\n<\/div>\n<\/div>\n\n\n\n<p><\/p>\n","protected":false},"excerpt":{"rendered":"<p>Nuestro equipo de la Revista &#8220;Intersecciones&#8221; Esp. Cecilia Mu\u00f1oz Directora y coordinadora Prof. Pablo Dema Coordinador y editor Lic. Andr\u00e9s Bacigalupo Edici\u00f3n Esp. Mara Escudero Edici\u00f3n Lic. Rocio Pajaro Dise\u00f1o y diagramaci\u00f3n Esp. Andrea Flores Edici\u00f3n Lic. Alejandro Villarreal Dise\u00f1o y diagramaci\u00f3n AUS Mariano G. Villegas Dise\u00f1o y diagramaci\u00f3n. Desarrollo web.<\/p>\n","protected":false},"author":1,"featured_media":0,"parent":0,"menu_order":0,"comment_status":"closed","ping_status":"closed","template":"","meta":{"footnotes":""},"class_list":["post-63","page","type-page","status-publish","hentry"],"_links":{"self":[{"href":"https:\/\/intersecciones.ifdcvm.edu.ar\/index.php?rest_route=\/wp\/v2\/pages\/63","targetHints":{"allow":["GET"]}}],"collection":[{"href":"https:\/\/intersecciones.ifdcvm.edu.ar\/index.php?rest_route=\/wp\/v2\/pages"}],"about":[{"href":"https:\/\/intersecciones.ifdcvm.edu.ar\/index.php?rest_route=\/wp\/v2\/types\/page"}],"author":[{"embeddable":true,"href":"https:\/\/intersecciones.ifdcvm.edu.ar\/index.php?rest_route=\/wp\/v2\/users\/1"}],"replies":[{"embeddable":true,"href":"https:\/\/intersecciones.ifdcvm.edu.ar\/index.php?rest_route=%2Fwp%2Fv2%2Fcomments&post=63"}],"version-history":[{"count":16,"href":"https:\/\/intersecciones.ifdcvm.edu.ar\/index.php?rest_route=\/wp\/v2\/pages\/63\/revisions"}],"predecessor-version":[{"id":144,"href":"https:\/\/intersecciones.ifdcvm.edu.ar\/index.php?rest_route=\/wp\/v2\/pages\/63\/revisions\/144"}],"wp:attachment":[{"href":"https:\/\/intersecciones.ifdcvm.edu.ar\/index.php?rest_route=%2Fwp%2Fv2%2Fmedia&parent=63"}],"curies":[{"name":"wp","href":"https:\/\/api.w.org\/{rel}","templated":true}]}}